{"id":393,"date":"2021-12-10T17:21:32","date_gmt":"2021-12-10T17:21:32","guid":{"rendered":"https:\/\/www.samoobrona-warszawa.pl\/?page_id=393"},"modified":"2021-12-30T21:58:16","modified_gmt":"2021-12-30T21:58:16","slug":"szkolenia-samoobrony-i-bezpieczenstwa-dla-pracownikow-socjalnych","status":"publish","type":"page","link":"https:\/\/www.samoobrona-warszawa.pl\/index.php\/szkolenia-samoobrony-i-bezpieczenstwa-dla-pracownikow-socjalnych\/","title":{"rendered":"Szkolenia samoobrony i bezpiecze\u0144stwa dla Pracownik\u00f3w Socjalnych"},"content":{"rendered":"\n<p class=\"wp-block-paragraph\">Szkolenia samoobrony i bezpiecze\u0144stwa dla pracownik\u00f3w socjalnych<\/p>\n\n\n\n<p class=\"wp-block-paragraph\"><strong>W zwi\u0105zku z nowelizacj\u0105 Ustawy o Pomocy Spo\u0142ecznej przygotowali\u015bmy specjalny program szkoleniowy dla Pracownik\u00f3w socjalnych (OPS, PCPR itp.).<\/strong><\/p>\n\n\n\n<p class=\"wp-block-paragraph\">Szkolenia dostosowane do mo\u017cliwo\u015bci wszystkich Uczestnik\u00f3w zaj\u0119\u0107, materia\u0142 dobrany zosta\u0142 zgodnie ze specyfik\u0105 wykonywanej pracy na podstawie naszego wieloletniego do\u015bwiadczenia.<\/p>\n\n\n\n<p class=\"wp-block-paragraph\">Celem szkolenia jest zwi\u0119kszenie poczucia bezpiecze\u0144stwa podczas wykonywania obowi\u0105zk\u00f3w zawodowych, nauka podstaw samoobrony oraz radzenia sobie w sytuacji zagro\u017cenia ze strony os\u00f3b trzecich.<\/p>\n\n\n\n<p class=\"wp-block-paragraph\">Techniki oraz materia\u0142 zosta\u0142y dobrane tak, aby by\u0142y proste do nauczenia podczas kursu a zarazem maksymalnie skuteczne.<\/p>\n\n\n\n<p class=\"wp-block-paragraph\">Kurs sk\u0142ada si\u0119 z cz\u0119\u015bci teoretycznej i praktycznej.<\/p>\n\n\n\n<p class=\"wp-block-paragraph\"><strong>Podczas cz\u0119\u015bci teoretycznej Uczestnicy zostan\u0105 zapoznani mi\u0119dzy innymi z:<\/strong><\/p>\n\n\n\n<ul class=\"wp-block-list\"><li>podstawami psychologii samoobrony,<\/li><li>punktami wra\u017cliwymi na ciele cz\u0142owieka,<\/li><li>zasadami bezpiecze\u0144stwa osobistego,<\/li><li>rozpoznawaniem intencji agresora (mowa cia\u0142a),<\/li><li>u\u017cyciem g\u0142osu w samoobronie,<\/li><li>sposobami deeskalacji agresji.<\/li><\/ul>\n\n\n\n<p class=\"wp-block-paragraph\"><strong>Podczas cz\u0119\u015bci praktycznej, prze\u0107wiczone zostan\u0105 mi\u0119dzy innymi:<\/strong><\/p>\n\n\n\n<ul class=\"wp-block-list\"><li>techniki samoobrony przeciwko najpopularniejszym atakom jak np. duszenie, chwyty, pr\u00f3by uderzenia, wyrwania torebki itp.<\/li><li>techniki obrony przeciwko atakowi no\u017cem,<\/li><li>techniki prawid\u0142owych uderze\u0144 i kopni\u0119\u0107 oraz \u0142\u0105czenie ich w p\u0142ynne serie,<\/li><li>sposoby poruszania si\u0119 w samoobronie, podstawowe pozycje walki, taktyka poruszania wobec grupy agresor\u00f3w.<\/li><\/ul>\n\n\n\n<p class=\"wp-block-paragraph\">Doje\u017cd\u017camy w ka\u017cde miejsce na terenie Polski &#8211; mamy elastyczne terminy!<\/p>\n\n\n\n<p class=\"wp-block-paragraph\">Nasi instruktorzy posiadaj\u0105 pa\u0144stwowe uprawnienia instruktor\u00f3w samoobrony. S\u0105 Uczestnikami wielu krajowych i mi\u0119dzynarodowych szkole\u0144 z zakresu samoobrony i bezpiecze\u0144stwa osobistego &#8211; wi\u0119cej informacji w sekcji<a href=\"https:\/\/www.samoobrona-warszawa.pl\/index.php\/o-nas\/\" target=\"_blank\" rel=\"noreferrer noopener\"> O NAS<\/a>. <\/p>\n\n\n\n<p class=\"wp-block-paragraph\">Program szkolenia dostosowany do mo\u017cliwo\u015bci ruchowych wszystkich Uczestnik\u00f3w szkolenia.<\/p>\n\n\n\n<p class=\"wp-block-paragraph\">Zapewniamy wszelkie potrzebne materia\u0142y szkoleniowe oraz sprz\u0119t treningowy (atrapy no\u017cy, tarcze itp.).<\/p>\n\n\n\n<p class=\"wp-block-paragraph\">Po szkoleniu ka\u017cdy z Uczestnik\u00f3w otrzymuje certyfikat uko\u0144czenia szkolenia. <\/p>\n\n\n\n<p class=\"wp-block-paragraph\"><strong>Zapraszamy po szczeg\u00f3\u0142ow\u0105 ofert\u0119:<\/strong><\/p>\n\n\n\n<p class=\"wp-block-paragraph\">kontakt@samoobrona-warszawa.pl<\/p>\n\n\n\n<p class=\"wp-block-paragraph\">+48 727 907 468<\/p>\n\n\n\n<p class=\"wp-block-paragraph\">Szkolenia samoobrony i bezpiecze\u0144stwa dla Pracownik\u00f3w Socjalnych &#8211; Oddzia\u0142 <a href=\"https:\/\/samoobrona-poznan.pl\/szkolenia-samoobrony-i-bezpieczenstwa-osobistego-dla-pracownikow-socjalnych\/\" target=\"_blank\" rel=\"noreferrer noopener\">POZNA\u0143<\/a><\/p>\n\n\n\n<figure class=\"wp-block-image size-large\"><img loading=\"lazy\" decoding=\"async\" width=\"724\" height=\"1024\" src=\"https:\/\/www.samoobrona-warszawa.pl\/wp-content\/uploads\/2021\/12\/Plakat-MOPS-WAWA-724x1024.jpg\" alt=\"\" class=\"wp-image-392\" srcset=\"https:\/\/www.samoobrona-warszawa.pl\/wp-content\/uploads\/2021\/12\/Plakat-MOPS-WAWA-724x1024.jpg 724w, https:\/\/www.samoobrona-warszawa.pl\/wp-content\/uploads\/2021\/12\/Plakat-MOPS-WAWA-212x300.jpg 212w, https:\/\/www.samoobrona-warszawa.pl\/wp-content\/uploads\/2021\/12\/Plakat-MOPS-WAWA-768x1086.jpg 768w, https:\/\/www.samoobrona-warszawa.pl\/wp-content\/uploads\/2021\/12\/Plakat-MOPS-WAWA-1086x1536.jpg 1086w, https:\/\/www.samoobrona-warszawa.pl\/wp-content\/uploads\/2021\/12\/Plakat-MOPS-WAWA-1448x2048.jpg 1448w, https:\/\/www.samoobrona-warszawa.pl\/wp-content\/uploads\/2021\/12\/Plakat-MOPS-WAWA.jpg 1587w\" sizes=\"auto, (max-width: 724px) 100vw, 724px\" \/><\/figure>\n\n\n\n<figure class=\"wp-block-image size-full\"><img loading=\"lazy\" decoding=\"async\" width=\"587\" height=\"675\" src=\"https:\/\/www.samoobrona-warszawa.pl\/wp-content\/uploads\/2021\/11\/referencje_mops_mokotow.png\" alt=\"\" class=\"wp-image-386\" srcset=\"https:\/\/www.samoobrona-warszawa.pl\/wp-content\/uploads\/2021\/11\/referencje_mops_mokotow.png 587w, https:\/\/www.samoobrona-warszawa.pl\/wp-content\/uploads\/2021\/11\/referencje_mops_mokotow-261x300.png 261w\" sizes=\"auto, (max-width: 587px) 100vw, 587px\" \/><\/figure>\n\n\n\n<figure class=\"wp-block-image size-full\"><img loading=\"lazy\" decoding=\"async\" width=\"901\" height=\"675\" src=\"https:\/\/www.samoobrona-warszawa.pl\/wp-content\/uploads\/2021\/12\/podziekowania_wcsib07.png\" alt=\"\" class=\"wp-image-411\" srcset=\"https:\/\/www.samoobrona-warszawa.pl\/wp-content\/uploads\/2021\/12\/podziekowania_wcsib07.png 901w, https:\/\/www.samoobrona-warszawa.pl\/wp-content\/uploads\/2021\/12\/podziekowania_wcsib07-300x225.png 300w, https:\/\/www.samoobrona-warszawa.pl\/wp-content\/uploads\/2021\/12\/podziekowania_wcsib07-768x575.png 768w\" sizes=\"auto, (max-width: 901px) 100vw, 901px\" \/><\/figure>\n","protected":false},"excerpt":{"rendered":"<p>Szkolenia samoobrony i bezpiecze\u0144stwa dla pracownik\u00f3w socjalnych W zwi\u0105zku z nowelizacj\u0105 Ustawy o Pomocy Spo\u0142ecznej przygotowali\u015bmy specjalny program szkoleniowy dla Pracownik\u00f3w socjalnych (OPS, PCPR itp.). Szkolenia dostosowane do mo\u017cliwo\u015bci wszystkich Uczestnik\u00f3w zaj\u0119\u0107, materia\u0142 dobrany zosta\u0142 zgodnie ze specyfik\u0105 wykonywanej pracy na podstawie naszego wieloletniego do\u015bwiadczenia. Celem szkolenia jest zwi\u0119kszenie poczucia bezpiecze\u0144stwa podczas wykonywania obowi\u0105zk\u00f3w zawodowych, nauka podstaw samoobrony oraz radzenia sobie w sytuacji zagro\u017cenia ze strony os\u00f3b trzecich. Techniki oraz materia\u0142 zosta\u0142y dobrane tak, aby by\u0142y proste do nauczenia podczas kursu a zarazem maksymalnie skuteczne. Kurs sk\u0142ada si\u0119 z cz\u0119\u015bci teoretycznej i praktycznej. Podczas cz\u0119\u015bci teoretycznej Uczestnicy zostan\u0105 zapoznani mi\u0119dzy&#8230; <\/p>\n","protected":false},"author":1,"featured_media":0,"parent":0,"menu_order":0,"comment_status":"closed","ping_status":"closed","template":"","meta":{"_monsterinsights_skip_tracking":false,"ngg_post_thumbnail":0,"footnotes":""},"class_list":["post-393","page","type-page","status-publish","hentry"],"yoast_head":"<!-- This site is optimized with the Yoast SEO plugin v28.3 - https:\/\/yoast.com\/product\/yoast-seo-wordpress\/ -->\n<title>Szkolenia samoobrony i bezpiecze\u0144stwa dla Pracownik\u00f3w Socjalnych<\/title>\n<meta name=\"description\" content=\"Szkolenia samoobrony i bezpiecze\u0144stwa dla pracownik\u00f3w socjalnych - zwi\u0119ksz bezpiecze\u0144stwo podczas pracy! Doje\u017cd\u017camy w ka\u017cde miejsce!\" \/>\n<meta name=\"robots\" content=\"index, follow, max-snippet:-1, max-image-preview:large, max-video-preview:-1\" \/>\n<link rel=\"canonical\" href=\"https:\/\/www.samoobrona-warszawa.pl\/index.php\/szkolenia-samoobrony-i-bezpieczenstwa-dla-pracownikow-socjalnych\/\" \/>\n<meta property=\"og:locale\" content=\"pl_PL\" \/>\n<meta property=\"og:type\" content=\"article\" \/>\n<meta property=\"og:title\" content=\"Szkolenia samoobrony i bezpiecze\u0144stwa dla Pracownik\u00f3w Socjalnych\" \/>\n<meta property=\"og:description\" content=\"Szkolenia samoobrony i bezpiecze\u0144stwa dla pracownik\u00f3w socjalnych - zwi\u0119ksz bezpiecze\u0144stwo podczas pracy! Doje\u017cd\u017camy w ka\u017cde miejsce!\" \/>\n<meta property=\"og:url\" content=\"https:\/\/www.samoobrona-warszawa.pl\/index.php\/szkolenia-samoobrony-i-bezpieczenstwa-dla-pracownikow-socjalnych\/\" \/>\n<meta property=\"og:site_name\" content=\"Samoobrona Warszawa\" \/>\n<meta property=\"article:modified_time\" content=\"2021-12-30T21:58:16+00:00\" \/>\n<meta property=\"og:image\" content=\"https:\/\/www.samoobrona-warszawa.pl\/wp-content\/uploads\/2021\/12\/Plakat-MOPS-WAWA-724x1024.jpg\" \/>\n<meta name=\"twitter:card\" content=\"summary_large_image\" \/>\n<meta name=\"twitter:label1\" content=\"Szacowany czas czytania\" \/>\n\t<meta name=\"twitter:data1\" content=\"2 minuty\" \/>\n<script type=\"application\/ld+json\" class=\"yoast-schema-graph\">{\"@context\":\"https:\\\/\\\/schema.org\",\"@graph\":[{\"@type\":\"WebPage\",\"@id\":\"https:\\\/\\\/www.samoobrona-warszawa.pl\\\/index.php\\\/szkolenia-samoobrony-i-bezpieczenstwa-dla-pracownikow-socjalnych\\\/\",\"url\":\"https:\\\/\\\/www.samoobrona-warszawa.pl\\\/index.php\\\/szkolenia-samoobrony-i-bezpieczenstwa-dla-pracownikow-socjalnych\\\/\",\"name\":\"Szkolenia samoobrony i bezpiecze\u0144stwa dla Pracownik\u00f3w Socjalnych\",\"isPartOf\":{\"@id\":\"https:\\\/\\\/www.samoobrona-warszawa.pl\\\/#website\"},\"primaryImageOfPage\":{\"@id\":\"https:\\\/\\\/www.samoobrona-warszawa.pl\\\/index.php\\\/szkolenia-samoobrony-i-bezpieczenstwa-dla-pracownikow-socjalnych\\\/#primaryimage\"},\"image\":{\"@id\":\"https:\\\/\\\/www.samoobrona-warszawa.pl\\\/index.php\\\/szkolenia-samoobrony-i-bezpieczenstwa-dla-pracownikow-socjalnych\\\/#primaryimage\"},\"thumbnailUrl\":\"https:\\\/\\\/www.samoobrona-warszawa.pl\\\/wp-content\\\/uploads\\\/2021\\\/12\\\/Plakat-MOPS-WAWA-724x1024.jpg\",\"datePublished\":\"2021-12-10T17:21:32+00:00\",\"dateModified\":\"2021-12-30T21:58:16+00:00\",\"description\":\"Szkolenia samoobrony i bezpiecze\u0144stwa dla pracownik\u00f3w socjalnych - zwi\u0119ksz bezpiecze\u0144stwo podczas pracy! Doje\u017cd\u017camy w ka\u017cde miejsce!\",\"breadcrumb\":{\"@id\":\"https:\\\/\\\/www.samoobrona-warszawa.pl\\\/index.php\\\/szkolenia-samoobrony-i-bezpieczenstwa-dla-pracownikow-socjalnych\\\/#breadcrumb\"},\"inLanguage\":\"pl-PL\",\"potentialAction\":[{\"@type\":\"ReadAction\",\"target\":[\"https:\\\/\\\/www.samoobrona-warszawa.pl\\\/index.php\\\/szkolenia-samoobrony-i-bezpieczenstwa-dla-pracownikow-socjalnych\\\/\"]}]},{\"@type\":\"ImageObject\",\"inLanguage\":\"pl-PL\",\"@id\":\"https:\\\/\\\/www.samoobrona-warszawa.pl\\\/index.php\\\/szkolenia-samoobrony-i-bezpieczenstwa-dla-pracownikow-socjalnych\\\/#primaryimage\",\"url\":\"https:\\\/\\\/www.samoobrona-warszawa.pl\\\/wp-content\\\/uploads\\\/2021\\\/12\\\/Plakat-MOPS-WAWA.jpg\",\"contentUrl\":\"https:\\\/\\\/www.samoobrona-warszawa.pl\\\/wp-content\\\/uploads\\\/2021\\\/12\\\/Plakat-MOPS-WAWA.jpg\",\"width\":1587,\"height\":2245,\"caption\":\"szkolenia dla pracownikow socjalnych\"},{\"@type\":\"BreadcrumbList\",\"@id\":\"https:\\\/\\\/www.samoobrona-warszawa.pl\\\/index.php\\\/szkolenia-samoobrony-i-bezpieczenstwa-dla-pracownikow-socjalnych\\\/#breadcrumb\",\"itemListElement\":[{\"@type\":\"ListItem\",\"position\":1,\"name\":\"Strona g\u0142\u00f3wna\",\"item\":\"https:\\\/\\\/www.samoobrona-warszawa.pl\\\/\"},{\"@type\":\"ListItem\",\"position\":2,\"name\":\"Szkolenia samoobrony i bezpiecze\u0144stwa dla Pracownik\u00f3w Socjalnych\"}]},{\"@type\":\"WebSite\",\"@id\":\"https:\\\/\\\/www.samoobrona-warszawa.pl\\\/#website\",\"url\":\"https:\\\/\\\/www.samoobrona-warszawa.pl\\\/\",\"name\":\"Samoobrona Warszawa\",\"description\":\"Masz prawo czu\u0107 si\u0119 bezpiecznie!\",\"publisher\":{\"@id\":\"https:\\\/\\\/www.samoobrona-warszawa.pl\\\/#organization\"},\"potentialAction\":[{\"@type\":\"SearchAction\",\"target\":{\"@type\":\"EntryPoint\",\"urlTemplate\":\"https:\\\/\\\/www.samoobrona-warszawa.pl\\\/?s={search_term_string}\"},\"query-input\":{\"@type\":\"PropertyValueSpecification\",\"valueRequired\":true,\"valueName\":\"search_term_string\"}}],\"inLanguage\":\"pl-PL\"},{\"@type\":\"Organization\",\"@id\":\"https:\\\/\\\/www.samoobrona-warszawa.pl\\\/#organization\",\"name\":\"Samoobrona Warszawa\",\"url\":\"https:\\\/\\\/www.samoobrona-warszawa.pl\\\/\",\"logo\":{\"@type\":\"ImageObject\",\"inLanguage\":\"pl-PL\",\"@id\":\"https:\\\/\\\/www.samoobrona-warszawa.pl\\\/#\\\/schema\\\/logo\\\/image\\\/\",\"url\":\"https:\\\/\\\/www.samoobrona-warszawa.pl\\\/wp-content\\\/uploads\\\/2021\\\/06\\\/cropped-LOGO-SAMOOBRONA-WARSZAWA.jpg\",\"contentUrl\":\"https:\\\/\\\/www.samoobrona-warszawa.pl\\\/wp-content\\\/uploads\\\/2021\\\/06\\\/cropped-LOGO-SAMOOBRONA-WARSZAWA.jpg\",\"width\":512,\"height\":512,\"caption\":\"Samoobrona Warszawa\"},\"image\":{\"@id\":\"https:\\\/\\\/www.samoobrona-warszawa.pl\\\/#\\\/schema\\\/logo\\\/image\\\/\"}}]}<\/script>\n<!-- \/ Yoast SEO plugin. -->","yoast_head_json":{"title":"Szkolenia samoobrony i bezpiecze\u0144stwa dla Pracownik\u00f3w Socjalnych","description":"Szkolenia samoobrony i bezpiecze\u0144stwa dla pracownik\u00f3w socjalnych - zwi\u0119ksz bezpiecze\u0144stwo podczas pracy! Doje\u017cd\u017camy w ka\u017cde miejsce!","robots":{"index":"index","follow":"follow","max-snippet":"max-snippet:-1","max-image-preview":"max-image-preview:large","max-video-preview":"max-video-preview:-1"},"canonical":"https:\/\/www.samoobrona-warszawa.pl\/index.php\/szkolenia-samoobrony-i-bezpieczenstwa-dla-pracownikow-socjalnych\/","og_locale":"pl_PL","og_type":"article","og_title":"Szkolenia samoobrony i bezpiecze\u0144stwa dla Pracownik\u00f3w Socjalnych","og_description":"Szkolenia samoobrony i bezpiecze\u0144stwa dla pracownik\u00f3w socjalnych - zwi\u0119ksz bezpiecze\u0144stwo podczas pracy! Doje\u017cd\u017camy w ka\u017cde miejsce!","og_url":"https:\/\/www.samoobrona-warszawa.pl\/index.php\/szkolenia-samoobrony-i-bezpieczenstwa-dla-pracownikow-socjalnych\/","og_site_name":"Samoobrona Warszawa","article_modified_time":"2021-12-30T21:58:16+00:00","og_image":[{"url":"https:\/\/www.samoobrona-warszawa.pl\/wp-content\/uploads\/2021\/12\/Plakat-MOPS-WAWA-724x1024.jpg","type":"","width":"","height":""}],"twitter_card":"summary_large_image","twitter_misc":{"Szacowany czas czytania":"2 minuty"},"schema":{"@context":"https:\/\/schema.org","@graph":[{"@type":"WebPage","@id":"https:\/\/www.samoobrona-warszawa.pl\/index.php\/szkolenia-samoobrony-i-bezpieczenstwa-dla-pracownikow-socjalnych\/","url":"https:\/\/www.samoobrona-warszawa.pl\/index.php\/szkolenia-samoobrony-i-bezpieczenstwa-dla-pracownikow-socjalnych\/","name":"Szkolenia samoobrony i bezpiecze\u0144stwa dla Pracownik\u00f3w Socjalnych","isPartOf":{"@id":"https:\/\/www.samoobrona-warszawa.pl\/#website"},"primaryImageOfPage":{"@id":"https:\/\/www.samoobrona-warszawa.pl\/index.php\/szkolenia-samoobrony-i-bezpieczenstwa-dla-pracownikow-socjalnych\/#primaryimage"},"image":{"@id":"https:\/\/www.samoobrona-warszawa.pl\/index.php\/szkolenia-samoobrony-i-bezpieczenstwa-dla-pracownikow-socjalnych\/#primaryimage"},"thumbnailUrl":"https:\/\/www.samoobrona-warszawa.pl\/wp-content\/uploads\/2021\/12\/Plakat-MOPS-WAWA-724x1024.jpg","datePublished":"2021-12-10T17:21:32+00:00","dateModified":"2021-12-30T21:58:16+00:00","description":"Szkolenia samoobrony i bezpiecze\u0144stwa dla pracownik\u00f3w socjalnych - zwi\u0119ksz bezpiecze\u0144stwo podczas pracy! Doje\u017cd\u017camy w ka\u017cde miejsce!","breadcrumb":{"@id":"https:\/\/www.samoobrona-warszawa.pl\/index.php\/szkolenia-samoobrony-i-bezpieczenstwa-dla-pracownikow-socjalnych\/#breadcrumb"},"inLanguage":"pl-PL","potentialAction":[{"@type":"ReadAction","target":["https:\/\/www.samoobrona-warszawa.pl\/index.php\/szkolenia-samoobrony-i-bezpieczenstwa-dla-pracownikow-socjalnych\/"]}]},{"@type":"ImageObject","inLanguage":"pl-PL","@id":"https:\/\/www.samoobrona-warszawa.pl\/index.php\/szkolenia-samoobrony-i-bezpieczenstwa-dla-pracownikow-socjalnych\/#primaryimage","url":"https:\/\/www.samoobrona-warszawa.pl\/wp-content\/uploads\/2021\/12\/Plakat-MOPS-WAWA.jpg","contentUrl":"https:\/\/www.samoobrona-warszawa.pl\/wp-content\/uploads\/2021\/12\/Plakat-MOPS-WAWA.jpg","width":1587,"height":2245,"caption":"szkolenia dla pracownikow socjalnych"},{"@type":"BreadcrumbList","@id":"https:\/\/www.samoobrona-warszawa.pl\/index.php\/szkolenia-samoobrony-i-bezpieczenstwa-dla-pracownikow-socjalnych\/#breadcrumb","itemListElement":[{"@type":"ListItem","position":1,"name":"Strona g\u0142\u00f3wna","item":"https:\/\/www.samoobrona-warszawa.pl\/"},{"@type":"ListItem","position":2,"name":"Szkolenia samoobrony i bezpiecze\u0144stwa dla Pracownik\u00f3w Socjalnych"}]},{"@type":"WebSite","@id":"https:\/\/www.samoobrona-warszawa.pl\/#website","url":"https:\/\/www.samoobrona-warszawa.pl\/","name":"Samoobrona Warszawa","description":"Masz prawo czu\u0107 si\u0119 bezpiecznie!","publisher":{"@id":"https:\/\/www.samoobrona-warszawa.pl\/#organization"},"potentialAction":[{"@type":"SearchAction","target":{"@type":"EntryPoint","urlTemplate":"https:\/\/www.samoobrona-warszawa.pl\/?s={search_term_string}"},"query-input":{"@type":"PropertyValueSpecification","valueRequired":true,"valueName":"search_term_string"}}],"inLanguage":"pl-PL"},{"@type":"Organization","@id":"https:\/\/www.samoobrona-warszawa.pl\/#organization","name":"Samoobrona Warszawa","url":"https:\/\/www.samoobrona-warszawa.pl\/","logo":{"@type":"ImageObject","inLanguage":"pl-PL","@id":"https:\/\/www.samoobrona-warszawa.pl\/#\/schema\/logo\/image\/","url":"https:\/\/www.samoobrona-warszawa.pl\/wp-content\/uploads\/2021\/06\/cropped-LOGO-SAMOOBRONA-WARSZAWA.jpg","contentUrl":"https:\/\/www.samoobrona-warszawa.pl\/wp-content\/uploads\/2021\/06\/cropped-LOGO-SAMOOBRONA-WARSZAWA.jpg","width":512,"height":512,"caption":"Samoobrona Warszawa"},"image":{"@id":"https:\/\/www.samoobrona-warszawa.pl\/#\/schema\/logo\/image\/"}}]}},"_links":{"self":[{"href":"https:\/\/www.samoobrona-warszawa.pl\/index.php\/wp-json\/wp\/v2\/pages\/393","targetHints":{"allow":["GET"]}}],"collection":[{"href":"https:\/\/www.samoobrona-warszawa.pl\/index.php\/wp-json\/wp\/v2\/pages"}],"about":[{"href":"https:\/\/www.samoobrona-warszawa.pl\/index.php\/wp-json\/wp\/v2\/types\/page"}],"author":[{"embeddable":true,"href":"https:\/\/www.samoobrona-warszawa.pl\/index.php\/wp-json\/wp\/v2\/users\/1"}],"replies":[{"embeddable":true,"href":"https:\/\/www.samoobrona-warszawa.pl\/index.php\/wp-json\/wp\/v2\/comments?post=393"}],"version-history":[{"count":6,"href":"https:\/\/www.samoobrona-warszawa.pl\/index.php\/wp-json\/wp\/v2\/pages\/393\/revisions"}],"predecessor-version":[{"id":412,"href":"https:\/\/www.samoobrona-warszawa.pl\/index.php\/wp-json\/wp\/v2\/pages\/393\/revisions\/412"}],"wp:attachment":[{"href":"https:\/\/www.samoobrona-warszawa.pl\/index.php\/wp-json\/wp\/v2\/media?parent=393"}],"curies":[{"name":"wp","href":"https:\/\/api.w.org\/{rel}","templated":true}]}}